{"id":4044,"date":"2025-03-01T00:03:46","date_gmt":"2025-02-28T22:03:46","guid":{"rendered":"https:\/\/valpas.info\/?page_id=4044"},"modified":"2026-03-19T09:56:51","modified_gmt":"2026-03-19T07:56:51","slug":"kuntavaalit-2025","status":"publish","type":"page","link":"https:\/\/www.valpas.info\/?page_id=4044\/","title":{"rendered":"Kotisivu"},"content":{"rendered":"\n    \n    <section class=\"u-clearfix u-grey-5 u-section-2\" id=\"sec-b1d4\">\n      <div class=\"u-clearfix u-sheet u-valign-middle-xl u-sheet-1\">\n        <p class=\"u-align-center u-custom-font u-font-raleway u-text u-text-1\"> Tervetuloa kotisivulleni! <br>T\u00e4lt\u00e4 sivulta l\u00f6yd\u00e4t tietoa teemoistani, minusta ja vuosistani politiikan parissa.<br>\n          <br><span style=\"font-size: 1rem;\">Olen ehdolla Eekoon Osuuskauppavaaleissa <span style=\"font-weight: 700;\">ehdokasnumerolla 117.&nbsp;<\/span><\/span>\n          <br>\n          <br><span style=\"font-size: 1rem;\">\u00c4\u00e4nest\u00e4\u00e4 voit&nbsp;<\/span><span style=\"font-size: 1rem;\">ajalla maanantai&nbsp;13.4.- torstai 30.4.2026. Huomaa, ett\u00e4 voit Eekoon eri \u00e4\u00e4nestysalueista johtuen \u00e4\u00e4nest\u00e4\u00e4 minua vain seuraavissa kunnissa: Lemi, Luum\u00e4ki, Savitaipale, Suomenniemi tai Taipalsaari.<br>\n            <br> Mielest\u00e4ni e<\/span><span style=\"font-size: 1rem;\">dullinen ruoka on ihmisoikeus. Viel\u00e4 parempi, jos se on kotimaista alkuper\u00e4\u00e4. Siit\u00e4 hy\u00f6tyv\u00e4t kaikki.&nbsp;Puolustan kotimaisuutta Eekoon valikoimissa ja haluan edist\u00e4\u00e4 kotimaisten ruoantuottajien asemaa.&nbsp;Samalla paranee sinunkin asemasi kuluttajana.<\/span>\n          <br>\n          <br><span style=\"font-size: 1rem;\">Jos haluat Eekoon edustajistoon sinun edustajaksesi ihmisen, joka ymm\u00e4rt\u00e4\u00e4 yhteisty\u00f6n merkityksen&nbsp;ja tiet\u00e4\u00e4 miten asiat tehd\u00e4\u00e4n vaikuttavasti - \u00e4\u00e4nest\u00e4 minua.<\/span>\n          <br>\n          <br>\n        <\/p>\n      <\/div>\n    <\/section>\n    <section class=\"u-clearfix u-grey-5 u-section-3\" id=\"sec-541b\">\n      <div class=\"u-clearfix u-sheet u-valign-bottom u-sheet-1\">\n        <p class=\"u-custom-font u-font-raleway u-text u-text-1\">Kuka olen<\/p>\n        <p class=\"u-align-left u-custom-font u-font-raleway u-text u-text-2\"><span style=\"font-size: 0.875rem;\"> Olen Antti T. Valpas, Asun Taipalsaarella Saimaanharjun Konstussa kahden kissani, Matin ja Tepon, kanssa. <\/span><span style=\"font-size: 0.875rem;\">Muutin syntym\u00e4kaupungistani Helsingist\u00e4 Taipalsaarelle vuonna 2023. Koulutukseltani olen yo-merkonomi ja ohjelmistosuunnittelija. Puhun suomea, englantia ja jonkin verran aunuksenkarjalaa.<\/span><span style=\"font-size: 0.875rem;\">\n            <br>\n            <br>Ty\u00f6skentelen asianhallinnan tiimivastaavana. Ty\u00f6uraani sis\u00e4ltyy vuosien 2007-2023 ura eduskunnassa perussuomalaisten eri teht\u00e4viss\u00e4 kansanedustajan avustajasta eduskuntaryhm\u00e4n p\u00e4\u00e4sihteerin teht\u00e4v\u00e4\u00e4n asti. Ennen politiikkaa ty\u00f6skentelin atk-liikkeess\u00e4 myyj\u00e4n\u00e4 ja projektikoordinaattorina lehtialalla. Ty\u00f6tt\u00f6myysjaksojakin on tullut koettua parin vuoden edest\u00e4.<br>\n            <br>Miksi muutin Taipalsaarelle? Karjalaisten vanhempien lapsena Etel\u00e4-Karjala ja erityisesti Lappeenrannan seutu on ollut syntym\u00e4st\u00e4ni asti kuin toinen kotini sukusiteideni my\u00f6t\u00e4; Isovanhempani asuivat Lappeenrannassa ja is\u00e4ni asui pitk\u00e4\u00e4n Taipalsaarella. Vaikka itse asuin Helsingiss\u00e4, seurasin my\u00f6s t\u00e4m\u00e4n kulmakunnan uutistapahtumia sek\u00e4 vietin monet kes\u00e4t ja talvet t\u00e4\u00e4ll\u00e4 lomilla ja viikonloppuisin. Kypsyttelin ajatusta muuttamisesta muutaman vuoden ajan ja lopullisesti asian p\u00e4\u00e4tin vuoden 2023 hallitusneuvotteluiden aikana.<br>\n            <br><\/span>\n        <\/p>\n      <\/div>\n    <\/section>\n    <section class=\"u-clearfix u-grey-5 u-section-4\" id=\"block-1\">\n      <div class=\"u-clearfix u-sheet u-valign-top-xs u-sheet-1\">\n        <p class=\"u-align-left u-custom-font u-font-raleway u-text u-text-1\"> Mukana politiikan raskaassa sarjassa<\/p>\n        <p class=\"u-align-left u-custom-font u-font-raleway u-text u-text-2\">Liityin perussuomalaisiin vuonna 2003 ajaakseni itselleni t\u00e4rkeit\u00e4 asioita. Erityisen l\u00e4hell\u00e4 syd\u00e4nt\u00e4ni ovat vammaisten asiat ja vammaisten ihmisten p\u00e4rj\u00e4\u00e4minen t\u00e4ss\u00e4 terveiden maailmassa. Itse kun olen kuin k\u00e4velev\u00e4 sairaskertomus, katson olevani p\u00e4tev\u00e4 puhumaan vammaisten ja sairaiden asioista miss\u00e4 vain. My\u00f6s vallan huoneissa. Sote-asioiden lis\u00e4ksi yritt\u00e4jien asema on osa poliittista profiiliani. Vain maamme ep\u00e4onnistumisesta rankaiseva politiikka on est\u00e4nyt minua alkamasta yritt\u00e4j\u00e4ksi. <br>\n          <br>Olen ollut ehdolla monissa yleisiss\u00e4 vaaleissa. Helsingin kunnallispolitiikassa toimin mm. Perussuomalaisten kaupunginvaltuustoryhm\u00e4n puheenjohtajana ja sosiaalilautakunnan, sek\u00e4 my\u00f6hemmin sosiaali- ja terveyslautakunnan alaisen muutoksenhakujaoston j\u00e4senen\u00e4. <br>\n          <br>Olen toiminut lis\u00e4ksi maakunnallisella ja valtakunnallisella tasolla; Helsingin ja Uudenmaan Sairaanhoitopiirin (HUS) hallituksessa olin yksi Helsingin kaupungin edustajista ja Kansanel\u00e4kelaitoksen (KELA) hallituksessa olin perussuomalaisten puolueen edustajana. Olin my\u00f6s mukana vuosien 2015 ja 2023 eduskuntavaalien j\u00e4lkeisiss\u00e4 hallitusneuvotteluissa.&nbsp;<br>\n          <br>Olen nykyisin Lappeenrannan Seudun Perussuomalaisten sihteeri, edustaen lis\u00e4ksi yhdistyst\u00e4mme Perussuomalaisten Kymen piiriss\u00e4 piirikokousedustajana sek\u00e4 piirihallituksen varaj\u00e4senen\u00e4.\n        <\/p>\n      <\/div>\n    <\/section>\n    <section class=\"u-clearfix u-grey-5 u-section-5\" id=\"sec-0b85\">\n      <div class=\"u-clearfix u-sheet u-sheet-1\">\n        <p class=\"u-custom-font u-font-raleway u-text u-text-1\"> Valokuvia vuosien varrelta<\/p>\n        <div class=\"custom-expanded u-carousel u-gallery u-layout-carousel u-lightbox u-no-transition u-show-text-always u-gallery-1\" data-interval=\"5000\" data-u-ride=\"false\" id=\"carousel-7ed5\" data-pause=\"false\">\n          <ol class=\"u-absolute-hcenter u-carousel-indicators u-hidden u-carousel-indicators-1\">\n            <li data-u-target=\"#carousel-7ed5\" data-u-slide-to=\"0\" class=\"u-active u-grey-70 u-shape-circle\" style=\"width: 10px; height: 10px;\"><\/li>\n            <li data-u-target=\"#carousel-7ed5\" data-u-slide-to=\"1\" class=\"u-grey-70 u-shape-circle\" style=\"width: 10px; height: 10px;\"><\/li>\n            <li data-u-target=\"#carousel-7ed5\" data-u-slide-to=\"2\" class=\"u-grey-70 u-shape-circle\" style=\"width: 10px; height: 10px;\"><\/li>\n            <li data-u-target=\"#carousel-7ed5\" data-u-slide-to=\"3\" class=\"u-grey-70 u-shape-circle\" style=\"width: 10px; height: 10px;\"><\/li>\n            <li data-u-target=\"#carousel-7ed5\" data-u-slide-to=\"4\" class=\"u-grey-70 u-shape-circle\" style=\"width: 10px; height: 10px;\"><\/li>\n            <li data-u-target=\"#carousel-7ed5\" data-u-slide-to=\"5\" class=\"u-grey-70 u-shape-circle\" style=\"width: 10px; height: 10px;\"><\/li>\n            <li data-u-target=\"#carousel-7ed5\" data-u-slide-to=\"6\" class=\"u-grey-70 u-shape-circle\" style=\"width: 10px; height: 10px;\"><\/li>\n            <li data-u-target=\"#carousel-7ed5\" data-u-slide-to=\"7\" class=\"u-grey-70 u-shape-circle\" style=\"width: 10px; height: 10px;\"><\/li>\n          <\/ol>\n          <div class=\"u-carousel-inner u-gallery-inner u-gallery-inner-1\" role=\"listbox\">\n            <div class=\"u-active u-carousel-item u-gallery-item u-carousel-item-1\">\n              <div class=\"u-back-slide\" data-image-width=\"3504\" data-image-height=\"2336\">\n                <img decoding=\"async\" class=\"u-back-image u-expanded\" src=\"https:\/\/www.valpas.info\/wp-content\/uploads\/2026\/03\/YleHaastatttelee-scaled.jpg\">\n              <\/div>\n              <div class=\"u-over-slide u-over-slide-1\">\n                <p class=\"u-custom-font u-font-raleway u-gallery-text\" style=\"font-size: 0.75rem;\">Yle haastattelee vuoden 2008 kuntavaalien tuloksen selvitty\u00e4 uutta Helsingin kaupunginvaltuutettua.<br>\n                <\/p>\n              <\/div>\n            <\/div>\n            <div class=\"u-carousel-item u-gallery-item u-carousel-item-2\">\n              <div class=\"u-back-slide\" data-image-width=\"1920\" data-image-height=\"1920\">\n                <img decoding=\"async\" class=\"u-back-image u-expanded\" src=\"https:\/\/www.valpas.info\/wp-content\/uploads\/2025\/02\/PSvaltuusto014.1.09-scaled-edited.jpg\">\n              <\/div>\n              <div class=\"u-over-slide u-over-slide-2\">\n                <p class=\"u-custom-font u-font-raleway u-gallery-text\" style=\"font-size: 0.75rem;\">Perussuomalaisten valtuustoryhm\u00e4 Helsingiss\u00e4 vuosina 2009-2012.&nbsp;Edess\u00e4 Nina Huru (sit), takana vasemmalta lukien min\u00e4 (pj.), Jussi Halla-aho (varapj.) ja Seppo Kanerva.&nbsp;Kuva ryhm\u00e4sihteeri Kristina Ljungqvist.<\/p>\n              <\/div>\n            <\/div>\n            <div class=\"u-carousel-item u-gallery-item u-carousel-item-3\" data-image-width=\"375\" data-image-height=\"283\">\n              <div class=\"u-back-slide\" data-image-width=\"375\" data-image-height=\"283\">\n                <img decoding=\"async\" class=\"u-back-image u-expanded u-image-contain\" src=\"https:\/\/www.valpas.info\/wp-content\/uploads\/2026\/03\/Puhumassa.jpg\">\n              <\/div>\n              <div class=\"u-over-slide u-over-slide-3\">\n                <p class=\"u-custom-font u-font-raleway u-gallery-text\" style=\"font-size: 0.75rem;\"> Valokuva Helsingin valtuustosta, aiheena Helsingin ty\u00f6llist\u00e4mispolitiikka. Esitin pontta vammaisten ty\u00f6llist\u00e4mistoimien tehostamisesta yhdess\u00e4 yksityisen sektorin yrityksien kanssa. Esityst\u00e4 kannatti 82 valtuutettua 85:sta.<\/p>\n              <\/div>\n              <style data-mode=\"XL\" data-visited=\"true\"><\/style>\n              <style data-mode=\"LG\" data-visited=\"true\"><\/style>\n              <style data-mode=\"MD\"><\/style>\n              <style data-mode=\"SM\" data-visited=\"true\"><\/style>\n              <style data-mode=\"XS\" data-visited=\"true\"><\/style>\n            <\/div>\n            <div class=\"u-carousel-item u-gallery-item u-carousel-item-4\" data-image-width=\"1851\" data-image-height=\"2560\">\n              <div class=\"u-back-slide\">\n                <img decoding=\"async\" class=\"u-back-image u-expanded u-image-contain\" src=\"https:\/\/www.valpas.info\/wp-content\/uploads\/2025\/02\/Pihtarijakilpakosijat-scaled.jpg\" alt=\"\">\n              <\/div>\n              <div class=\"u-over-slide u-over-slide-4\">\n                <p class=\"u-custom-font u-font-raleway u-gallery-text\" style=\"font-size: 0.75rem;\">Poliittisen urani huippu; pilakuvassa. Helsingin Sanomissa julkaistu vanhan Suomi-filmin hengess\u00e4 tehty elokuvajuliste valtuuston budjettikokouksesta.<\/p>\n              <\/div>\n              <style data-mode=\"XL\" data-visited=\"true\"><\/style>\n              <style data-mode=\"LG\" data-visited=\"true\"><\/style>\n              <style data-mode=\"MD\"><\/style>\n              <style data-mode=\"SM\" data-visited=\"true\"><\/style>\n              <style data-mode=\"XS\" data-visited=\"true\"><\/style>\n            <\/div>\n            <div class=\"u-carousel-item u-gallery-item u-carousel-item-5\" data-image-width=\"384\" data-image-height=\"576\">\n              <div class=\"u-back-slide\" data-image-width=\"384\" data-image-height=\"576\">\n                <img decoding=\"async\" class=\"u-back-image u-expanded\" src=\"https:\/\/www.valpas.info\/wp-content\/uploads\/2026\/03\/PitjnmkiKansalaiset.jpg\">\n              <\/div>\n              <div class=\"u-over-slide u-over-slide-5\">\n                <p class=\"u-custom-font u-font-raleway u-gallery-text\" style=\"font-size: 0.75rem;\">Parhaiten kansan tunnot ajankohtaisista asioista tavoittaa toritapahtumissa.<br>\n                <\/p>\n              <\/div>\n              <style data-mode=\"XL\" data-visited=\"true\"><\/style>\n              <style data-mode=\"LG\" data-visited=\"true\"><\/style>\n              <style data-mode=\"MD\"><\/style>\n              <style data-mode=\"SM\" data-visited=\"true\"><\/style>\n              <style data-mode=\"XS\" data-visited=\"true\"><\/style>\n            <\/div>\n            <div class=\"u-carousel-item u-gallery-item u-carousel-item-6\" data-image-width=\"1536\" data-image-height=\"1152\">\n              <div class=\"u-back-slide\" data-image-width=\"1449\" data-image-height=\"1098\">\n                <img decoding=\"async\" class=\"u-back-image u-expanded u-image-contain\" src=\"https:\/\/www.valpas.info\/wp-content\/uploads\/2025\/02\/signal-2021-03-06-115547-1.jpg\">\n              <\/div>\n              <div class=\"u-over-slide u-over-slide-6\">\n                <p class=\"u-custom-font u-font-raleway u-gallery-text\" style=\"font-size: 0.75rem;\">Piirros Ville Ranta, Iltalehti.<\/p>\n              <\/div>\n              <style data-mode=\"XL\" data-visited=\"true\"><\/style>\n              <style data-mode=\"LG\" data-visited=\"true\"><\/style>\n              <style data-mode=\"MD\"><\/style>\n              <style data-mode=\"SM\" data-visited=\"true\"><\/style>\n              <style data-mode=\"XS\" data-visited=\"true\"><\/style>\n            <\/div>\n            <div class=\"u-carousel-item u-gallery-item u-carousel-item-7\" data-image-width=\"720\" data-image-height=\"153\">\n              <div class=\"u-back-slide\" data-image-width=\"1140\" data-image-height=\"1140\">\n                <img decoding=\"async\" class=\"u-back-image u-expanded\" src=\"https:\/\/www.valpas.info\/wp-content\/uploads\/2025\/02\/Tyopaikalla.jpg\">\n              <\/div>\n              <div class=\"u-over-slide u-over-slide-7\">\n                <p class=\"u-custom-font u-font-raleway u-gallery-text\" style=\"font-size: 0.75rem;\">Perussuomalaisten eduskuntaryhm\u00e4n p\u00e4\u00e4sihteerin\u00e4 olin vuosina 2015-2023 yhteens\u00e4 kaksi vaalikautta.<\/p>\n              <\/div>\n              <style data-mode=\"XL\" data-visited=\"true\"><\/style>\n              <style data-mode=\"LG\" data-visited=\"true\"><\/style>\n              <style data-mode=\"MD\"><\/style>\n              <style data-mode=\"SM\" data-visited=\"true\"><\/style>\n              <style data-mode=\"XS\" data-visited=\"true\"><\/style>\n            <\/div>\n            <div class=\"u-carousel-item u-gallery-item u-carousel-item-8\" data-image-width=\"2000\" data-image-height=\"1125\">\n              <div class=\"u-back-slide\" data-image-width=\"2000\" data-image-height=\"1125\">\n                <img decoding=\"async\" class=\"u-back-image u-expanded u-image-contain\" src=\"https:\/\/www.valpas.info\/wp-content\/uploads\/2026\/03\/Kanadassa.jpg\">\n              <\/div>\n              <div class=\"u-over-slide u-over-slide-8\">\n                <p class=\"u-custom-font u-font-raleway u-gallery-text\" style=\"font-size: 0.75rem;\">Vuonna 2016 tutustumassa Kanadan politiikkaan. Samalla reissulla Toronton suomalaisten hoitokodissa. T\u00e4\u00e4ll\u00e4 kanadalaiset, p\u00e4\u00e4osin aasialaiset hoitajat, olivat opetelleet suomen kielen.\u200b Oli siell\u00e4 yksi suomalainenkin harjoittelija.<\/p>\n              <\/div>\n              <style data-mode=\"XL\" data-visited=\"true\"><\/style>\n              <style data-mode=\"LG\" data-visited=\"true\"><\/style>\n              <style data-mode=\"MD\"><\/style>\n              <style data-mode=\"SM\" data-visited=\"true\"><\/style>\n              <style data-mode=\"XS\" data-visited=\"true\"><\/style>\n            <\/div>\n          <\/div>\n          <a class=\"u-carousel-control u-carousel-control-prev u-icon-circle u-opacity u-opacity-70 u-spacing-10 u-white u-carousel-control-1\" href=\"#carousel-7ed5\" role=\"button\" data-u-slide=\"prev\"><span aria-hidden=\"true\">\n              <svg viewBox=\"0 0 451.847 451.847\"><path d=\"M97.141,225.92c0-8.095,3.091-16.192,9.259-22.366L300.689,9.27c12.359-12.359,32.397-12.359,44.751,0\nc12.354,12.354,12.354,32.388,0,44.748L173.525,225.92l171.903,171.909c12.354,12.354,12.354,32.391,0,44.744\nc-12.354,12.365-32.386,12.365-44.745,0l-194.29-194.281C100.226,242.115,97.141,234.018,97.141,225.92z\"><\/path><\/svg><\/span><span class=\"sr-only\">\n              <svg viewBox=\"0 0 451.847 451.847\"><path d=\"M97.141,225.92c0-8.095,3.091-16.192,9.259-22.366L300.689,9.27c12.359-12.359,32.397-12.359,44.751,0\nc12.354,12.354,12.354,32.388,0,44.748L173.525,225.92l171.903,171.909c12.354,12.354,12.354,32.391,0,44.744\nc-12.354,12.365-32.386,12.365-44.745,0l-194.29-194.281C100.226,242.115,97.141,234.018,97.141,225.92z\"><\/path><\/svg><\/span>\n          <\/a>\n          <a class=\"u-carousel-control u-carousel-control-next u-icon-circle u-opacity u-opacity-70 u-spacing-10 u-white u-carousel-control-2\" href=\"#carousel-7ed5\" role=\"button\" data-u-slide=\"next\"><span aria-hidden=\"true\">\n              <svg viewBox=\"0 0 451.846 451.847\"><path d=\"M345.441,248.292L151.154,442.573c-12.359,12.365-32.397,12.365-44.75,0c-12.354-12.354-12.354-32.391,0-44.744\nL278.318,225.92L106.409,54.017c-12.354-12.359-12.354-32.394,0-44.748c12.354-12.359,32.391-12.359,44.75,0l194.287,194.284\nc6.177,6.18,9.262,14.271,9.262,22.366C354.708,234.018,351.617,242.115,345.441,248.292z\"><\/path><\/svg><\/span><span class=\"sr-only\">\n              <svg viewBox=\"0 0 451.846 451.847\"><path d=\"M345.441,248.292L151.154,442.573c-12.359,12.365-32.397,12.365-44.75,0c-12.354-12.354-12.354-32.391,0-44.744\nL278.318,225.92L106.409,54.017c-12.354-12.359-12.354-32.394,0-44.748c12.354-12.359,32.391-12.359,44.75,0l194.287,194.284\nc6.177,6.18,9.262,14.271,9.262,22.366C354.708,234.018,351.617,242.115,345.441,248.292z\"><\/path><\/svg><\/span>\n          <\/a>\n        <\/div>\n      <\/div>\n    <\/section>\n    <section class=\"u-align-center u-clearfix u-container-align-center u-container-align-center-xl u-grey-5 u-section-6\" src=\"\" id=\"carousel_1dc9\">\n      <div class=\"u-clearfix u-sheet u-valign-middle-sm u-valign-middle-xl u-valign-middle-xs u-sheet-1\">\n        <p class=\"u-custom-font u-font-raleway u-text u-text-default u-text-1\">Antista sanottua<\/p>\n        <div class=\"custom-expanded u-list u-list-1\">\n          <div class=\"u-repeater u-repeater-1\">\n            <div class=\"u-align-center u-border-no-bottom u-border-no-left u-border-no-right u-container-align-center u-container-style u-gradient u-hover-feature u-list-item u-radius u-repeater-item u-shape-round u-border-3 u-border-palette-1-base u-list-item-1\">\n              <div class=\"u-container-layout u-similar-container u-valign-top u-container-layout-1\">\n                <p class=\"u-align-left u-custom-font u-font-raleway u-text u-text-default u-text-2\"> \u201cPuolueen sosiaalista omatuntoa edustavat muun muassa [\u2026] Antti Valpas [\u2026]\u201d<br>\n                  <br><i>\u2013 Helsingin Sanomat 2008<\/i>\n                <\/p>\n              <\/div>\n            <\/div>\n            <div class=\"u-align-center u-border-no-bottom u-border-no-left u-border-no-right u-container-align-center u-container-style u-gradient u-hover-feature u-list-item u-radius u-repeater-item u-shape-round u-border-3 u-border-palette-1-base u-list-item-2\">\n              <div class=\"u-container-layout u-similar-container u-valign-top u-container-layout-2\">\n                <p class=\"u-align-left u-custom-font u-font-raleway u-text u-text-default u-text-3\"> \u201cJos \u00e4\u00e4nest\u00e4j\u00e4 on erityisen kiinnostunut sosiaalipoliittisista kysymyksist\u00e4 tai vammaisten oikeuksista, en suosittele h\u00e4nelle itse\u00e4ni vaan valtuustokollegaani Antti Valpasta.\u201d <br>\n                  <br><i>\u2013 Jussi Halla-aho blogissaan 2010<\/i>\n                <\/p>\n              <\/div>\n            <\/div>\n            <div class=\"u-align-center u-border-no-bottom u-border-no-left u-border-no-right u-container-align-center u-container-style u-gradient u-hover-feature u-list-item u-radius u-repeater-item u-shape-round u-border-3 u-border-palette-1-base u-list-item-3\">\n              <div class=\"u-container-layout u-similar-container u-valign-top u-container-layout-3\">\n                <p class=\"u-align-left u-custom-font u-font-raleway u-text u-text-default u-text-4\"> \u201dValpas on profiloitunut sosiaaliasioissa ja rajakarjalaisten j\u00e4lkel\u00e4isen\u00e4 ollut huolestunut v\u00e4hemmist\u00f6kielen asemasta, nimitt\u00e4in karjalan kielest\u00e4 rajan takana. Tuntee lains\u00e4\u00e4d\u00e4nt\u00f6tekniikkaa, tunnetaan p\u00e4\u00e4kaupungin kunnallispolitiikassa yhteisty\u00f6kykyisen\u00e4 poliitikkona. Ei ihan t\u00e4yt\u00e4 kiilusilm\u00e4isen tuntomerkkej\u00e4 siis.\u201d <br>\n                  <br><i>\u2013 Kirjailija Markus Leikola Fabula Rasa-blogissaan (Image.fi) kev\u00e4\u00e4n 2015 hallitusneuvotteluiden neuvottelijoista<\/i>\n                <\/p>\n              <\/div>\n            <\/div>\n            <div class=\"u-align-center u-border-no-bottom u-border-no-left u-border-no-right u-container-align-center u-container-style u-gradient u-hover-feature u-list-item u-radius u-repeater-item u-shape-round u-border-3 u-border-palette-1-base u-list-item-4\">\n              <div class=\"u-container-layout u-similar-container u-valign-top u-container-layout-4\">\n                <p class=\"u-align-left u-custom-font u-font-raleway u-text u-text-default u-text-5\"> \u201dAntti on hirmuisen kiltti ja vaatimaton. H\u00e4n hoitaa ty\u00f6ns\u00e4 mielest\u00e4ni tunnollisesti puolueaate edell\u00e4, mieless\u00e4 ja syd\u00e4mess\u00e4. [...] Antilla on rauhoittava vaikutus ja h\u00e4n ei koskaan, ei ikin\u00e4 hermostu. Antti tukee ryhm\u00e4\u00e4 ja on aina paikalla. Antti on \u201dlast man standing-tyylinen\u201d ja vastaa aina tai etsii vastauksen. [...]\u201d <br>\n                  <br><i>\u2013 Nimet\u00f6n kansanedustajamme Perussuomalaisten vuoden 2016 Lahden puolueneuvoston ns. \u201dSein\u00e4ll\u00e4 sanottua\u201d<\/i>\n                <\/p>\n              <\/div>\n            <\/div>\n          <\/div>\n        <\/div>\n      <\/div>\n      \n      \n      \n      \n    <\/section>\n    \n    \n    \n    \n  \n","protected":false},"excerpt":{"rendered":"<p>Tervetuloa kotisivulleni! T\u00e4lt\u00e4 sivulta l\u00f6yd\u00e4t tietoa teemoistani, minusta ja vuosistani politiikan parissa. Olen ehdolla Eekoon Osuuskauppavaaleissa ehdokasnumerolla 117.&nbsp; \u00c4\u00e4nest\u00e4\u00e4 voit&nbsp;ajalla maanantai&nbsp;13.4.- torstai 30.4.2026. Huomaa, ett\u00e4 voit Eekoon eri \u00e4\u00e4nestysalueista johtuen \u00e4\u00e4nest\u00e4\u00e4 minua vain seuraavissa kunnissa: Lemi, Luum\u00e4ki, Savitaipale, Suomenniemi tai Taipalsaari. Mielest\u00e4ni edullinen ruoka on ihmisoikeus. Viel\u00e4 parempi, jos se on kotimaista alkuper\u00e4\u00e4. Siit\u00e4 hy\u00f6tyv\u00e4t &hellip; <a href=\"https:\/\/www.valpas.info\/?page_id=4044\/\" class=\"more-link\">Continue reading<span class=\"screen-reader-text\"> &#8221;Kotisivu&#8221;<\/span><\/a><\/p>\n","protected":false},"author":1,"featured_media":0,"parent":0,"menu_order":0,"comment_status":"closed","ping_status":"closed","template":"","meta":{"footnotes":""},"class_list":["post-4044","page","type-page","status-publish","hentry"],"_links":{"self":[{"href":"https:\/\/www.valpas.info\/?page_id=4044%2Findex.php&rest_route=\/wp\/v2\/pages\/4044","targetHints":{"allow":["GET"]}}],"collection":[{"href":"https:\/\/www.valpas.info\/?page_id=4044%2Findex.php&rest_route=\/wp\/v2\/pages"}],"about":[{"href":"https:\/\/www.valpas.info\/?page_id=4044%2Findex.php&rest_route=\/wp\/v2\/types\/page"}],"author":[{"embeddable":true,"href":"https:\/\/www.valpas.info\/?page_id=4044%2Findex.php&rest_route=\/wp\/v2\/users\/1"}],"replies":[{"embeddable":true,"href":"https:\/\/www.valpas.info\/?page_id=4044%2Findex.php&rest_route=%2Fwp%2Fv2%2Fcomments&post=4044"}],"version-history":[{"count":51,"href":"https:\/\/www.valpas.info\/?page_id=4044%2Findex.php&rest_route=\/wp\/v2\/pages\/4044\/revisions"}],"predecessor-version":[{"id":4210,"href":"https:\/\/www.valpas.info\/?page_id=4044%2Findex.php&rest_route=\/wp\/v2\/pages\/4044\/revisions\/4210"}],"wp:attachment":[{"href":"https:\/\/www.valpas.info\/?page_id=4044%2Findex.php&rest_route=%2Fwp%2Fv2%2Fmedia&parent=4044"}],"curies":[{"name":"wp","href":"https:\/\/api.w.org\/{rel}","templated":true}]}}